{"id":3,"date":"2020-04-21T19:12:47","date_gmt":"2020-04-21T17:12:47","guid":{"rendered":"https:\/\/arge-tp-21.de\/?page_id=3"},"modified":"2025-09-01T14:55:23","modified_gmt":"2025-09-01T12:55:23","slug":"datenschutz","status":"publish","type":"page","link":"https:\/\/argetp21.de\/en\/datenschutz\/","title":{"rendered":"Data Privacy and Protection"},"content":{"rendered":"<div data-elementor-type=\"wp-page\" data-elementor-id=\"3\" class=\"elementor elementor-3\">\n\t\t\t\t\t\t<section class=\"elementor-section elementor-top-section elementor-element elementor-element-530bbfd4 elementor-section-boxed elementor-section-height-default elementor-section-height-default\" data-id=\"530bbfd4\" data-element_type=\"section\" data-e-type=\"section\">\n\t\t\t\t\t\t<div class=\"elementor-container elementor-column-gap-default\">\n\t\t\t\t\t<div class=\"elementor-column elementor-col-100 elementor-top-column elementor-element elementor-element-4253791a\" data-id=\"4253791a\" data-element_type=\"column\" data-e-type=\"column\">\n\t\t\t<div class=\"elementor-widget-wrap elementor-element-populated\">\n\t\t\t\t\t\t<div class=\"elementor-element elementor-element-6c76f44 elementor-widget elementor-widget-heading\" data-id=\"6c76f44\" data-element_type=\"widget\" data-e-type=\"widget\" data-widget_type=\"heading.default\">\n\t\t\t\t<div class=\"elementor-widget-container\">\n\t\t\t\t\t<h3 class=\"elementor-heading-title elementor-size-default\">Data Privacy and Protection<\/h3>\t\t\t\t<\/div>\n\t\t\t\t<\/div>\n\t\t\t\t<div class=\"elementor-element elementor-element-3ef7b14d elementor-widget elementor-widget-text-editor\" data-id=\"3ef7b14d\" data-element_type=\"widget\" data-e-type=\"widget\" data-widget_type=\"text-editor.default\">\n\t\t\t\t<div class=\"elementor-widget-container\">\n\t\t\t\t\t\t\t\t\t<p>Our data protection practices are in line with the provisions of the EU General Data Protection Regulation (GDPR) and the German Federal Data Protection Act (Bundesdatenschutzgesetz(BDSG)). The following information is intended to give you an overview of how we process your personal data and your rights under data protection law.<\/p><h4>1. Responsible for data processing<\/h4><p style=\"padding-left: 40px;\">T\u00dcV | DEKRA arge tp 21 GmbH<br \/>Wintergartenstrasse 4, 01307 Dresden, Germany<br \/><span style=\"font-family: Roboto, sans-serif; font-size: 18px;\">Managing Director: Dipl.-Ing. Mathias R\u00fcdel<\/span><br \/>Phone: +49 351 20789-0<br \/>E-Mail: sekratariat@argetp21.de<\/p><h4>2. Server log files<\/h4><p><span style=\"font-size: 18px; color: var( --e-global-color-text ); font-family: var( --e-global-typography-text-font-family ), Sans-serif; font-weight: var( --e-global-typography-text-font-weight );\">(a) The provider of this website and its pages automatically collects and stores information in so-called server log files, from the device used to access it (e.g. computer, mobile phone, tablet, etc.). The information comprises:<\/span><\/p><p style=\"padding-left: 40px;\">(1) the type and version of browser used;<br \/>(2) the used operating system;<br \/>(3) hostname of the accessing computer;<br \/>(4) the IP address;<br \/>(5) Date and time of the server inquiry;<br \/>(6) Websites and resources (images, files, other page content) accessed on our website;<br \/>(7) Websites from which the user\u2019s system accessed our website;<br \/>(8) Message indicating whether the retrieval was successful;<br \/>(9) amount of data transferred.<\/p><p>(b) This data is not merged with other data sources. This data is recorded based on Art. 6 Sect. 1 lit. f GDPR. The operator of the website has a legitimate interest in the technically error free depiction and the optimization of the operator\u2019s website. To achieve this, server log files must be recorded.<\/p><h4>3. Contact us<\/h4><p>When you contact us (e.g. via contact form, email or telephone), the information provided by the person making the inquiry will be processed to the extent necessary to answer the contact requests and any requested measures.<\/p><p>Contact enquiries that are made in the context of contractual or pre-contractual relationships and to which the data subject is a contracting party are to be treated in accordance with Art. 6 Para. 1 S. 1 lit. b. GDPR is just as lawful as contacting us based on a legitimate interest pursuant to Art. 6 Para. 1 S. 1 lit. f. GDPR or your implied consent pursuant to Art. 6 Para. 1 S. 1 lit. a. GDPR.<\/p><p>We process the following types of data: inventory data (e.g. names, addresses), contact data (e.g. e-mail, telephone numbers) and content data (e.g. entries in online forms).<br \/>Data Subjects are our communication partners.<br \/>The data processing serves the purpose of contact requests and communication.<br \/>The data will only be stored for as long as it is necessary to fulfill the reason for the contact.<\/p><h4>4. Server location<\/h4><p>Personal data is primarily stored and processed in the EU or EEA.<\/p><h4>5. Transfer of your data to third parties<\/h4><p>Your data will not be passed on to third parties.<br \/>We use external data recipients to fulfill the contract or with your consent or to protect the legitimate interests of the person responsible or a third party. The recipients of this data may include, for example, payment institutions as part of payment transactions, service providers commissioned with IT tasks or providers of services and content that are integrated into a website. In such cases, we observe the legal requirements and conclude appropriate contracts or agreements with the recipients of your data that serve to protect your personal data.<\/p><h4>6. Right do erasure<\/h4><p>Personal data will be erased immediately if one of the following grounds applies and there are no overriding legitimate grounds for the processing:<\/p><ul><li>the personal data are no longer necessary in relation to the purposes for which they were collected or otherwise processed;<\/li><li>the data subject withdraws consent on which the processing is based according to point (a) of Article 6(1) GDPR, or point (a) of Article 9(2) GDPR, and where there is no other legal ground for the processing;<\/li><li>the data subject objects to the processing pursuant to Article 21(1) GDPR and there are no overriding legitimate grounds for the processing, or the data subject objects to the processing pursuant to Article 21(2) GDPR;<\/li><li>the personal data have been unlawfully processed.<\/li><\/ul><div>\u00a0<\/div><h4>7. Right to object<\/h4><p>The data subject shall have the right to object, on grounds relating to his or her situation, at any time to processing of personal data concerning him or her which is based on point (e) or (f) of Article 6(1) GDPR, including profiling based on those provisions. We will comply with your request if there are no legally permissible reasons for further processing.<\/p><p>Please contact datenschutz@argetp21.de or send your request by post or fax to the address or number provided in the imprint\/Legal notice.<\/p><h4>8. Further rights of the data subject<\/h4><p>Please contact datenschutz@argetp21.de if you wish to assert your rights as a data subject.<\/p><h5>8.1. Right to lodge a complaint with the competent supervisory authority<\/h5><p>In the event of infringements of the GDPR, data subjects have the right to lodge a complaint with a supervisory authority, in the Member State of their habitual residence, place of work or place of the alleged infringement. The right to lodge a complaint is independent of any other administrative or judicial remedy available.<\/p><p class=\"only-de\">Die f\u00fcr uns zust\u00e4ndige Aufsichtsbeh\u00f6rde ist:<br \/>S\u00e4chsische Datenschutz- und Transparenzbeauftragte:<br \/>Fr. Dr. Hundert<br \/>Devrientstra\u00dfe 5<br \/>01067 Dresden<br \/>Telefon: +49 351 85471-101<br \/>Telefax: +49 351 85471-109<br \/>E-Mail:post@sdtb.sachsen.de<\/p><h5>8.2. Right to data portability<\/h5><p>You have the right to request that we provide you or a third party with the data that we process automatically based on your consent or in fulfilment of a contract in a commonly used, machine-readable format. If you request the direct transfer of the data to another controller, this will only be done if it is technically feasible.<br \/>The right to data portability does not apply to the processing of personal data necessary for the performance of a task carried out in the public interest or in the exercise of official authority vested in the controller.<\/p><h5>8.3. Information about, blockage, rectification and eradication of data<\/h5><p>The data subject has the right to obtain confirmation from the controller as to whether personal data concerning him or her are being processed; if this is the case, he or she has the right to information about this personal data. If the legal requirements are met, you have the right to have this data rectified, blocked or erased.<\/p><h5>8.4. Right to withdraw his or her consent<\/h5><p>The data subject shall have the right to withdraw his or her consent at any time. The withdrawal of consent shall not affect the lawfulness of processing based on consent before its withdrawal. Prior to giving consent, the data subject shall be informed thereof.<\/p><h4>9. Data collection when using our products<\/h4><p>The Click of \u2018Products\u2019 takes you to the following pages:<\/p><ul><li><a href=\"https:\/\/fahrerlaubnis.tuev-dekra.de\" target=\"_blank\" rel=\"noopener\">Driving license test<\/a><\/li><li><a href=\"https:\/\/vicomeditor.de\" target=\"_blank\" rel=\"noopener\">VICOM Editor<\/a><\/li><li><a href=\"https:\/\/www.tuev-dekra.de\/sachvip\/\" target=\"_blank\" rel=\"noopener\">PropertyVIP<\/a><\/li><li><a href=\"https:\/\/www.feinstaubplakette.de\" target=\"_blank\" rel=\"noopener\">Fine dust stickers and retrofit systems<\/a><\/li><\/ul><p>These pages are also the property of T\u00dcV | DEKRA arge tp 21 GmbH. The Privacy Policy set out in this document therefore applies.<br \/>The legal basis for the collection of data in the context of testing our products is Art. 6 Para. 1 Clause 1 Letter a (your consent) and b (the processing is necessary for the performance of a contract or for the implementation of pre-contractual measure) GDPR.<\/p><h4>10. Information for job applicants<\/h4><p>Thank you for your interest in a position in our company. The protection of your personal data during the application process is an important concern for us.<br \/><span style=\"font-size: 18px; color: var( --e-global-color-text ); font-family: var( --e-global-typography-text-font-family ), Sans-serif; font-weight: var( --e-global-typography-text-font-weight );\"><br \/>In the following, we would like to explain which data we collect in this context and what happens to this data.<\/span><\/p><p><span style=\"font-size: 18px; color: var( --e-global-color-text ); font-family: var( --e-global-typography-text-font-family ), Sans-serif; font-weight: var( --e-global-typography-text-font-weight );\">(a) Purpose of data processing<\/span><\/p><p>We process the data that you send us in connection with your application to check your suitability for the advertised position and to be able to carry out the application process.<br \/>The application is processed digitally by our application tool. Digital processing allows us to better track the status of your application and assign it to the appropriate contact person.<\/p><p>(b) Legal basis for data processing<br \/>Processing is carried out in accordance with Art. 88 para. 1 GDPR in conjunction with Section 26 BDSG and Art. 6 para. 1 letter a and b GDPR.<br \/>If you provide us with personal data of a special category, such as health information, the processing is based on your consent in accordance with Art. 9 para. 2 letter a GDPR.<\/p><p>(c) Recipients of the data<br \/>Only we have access to the applicant data.<\/p><p>(d) Duration of storage<br \/>If no employment relationship is established, your data will generally be deleted after 6 months at the latest, unless there is a legitimate interest in the further storage of the data in exceptional cases.<br \/>If you have given us your consent to include your data in our applicant pool, we will store your data for one year.<\/p><p>(e) Right of objection and deletion<br \/>You can object to the processing at any time in accordance with Art. 21 GDPR and request the deletion of data in accordance with Art. 17 GDPR. To find out what rights you have and how you can assert them, please refer to point 8 of this data protection notice.<\/p><p>(f) Necessity of providing personal data<br \/>The information in the application form is neither contractually nor legally required but is necessary for sending and processing the application. If you do not fill in the mandatory fields or do not fill them in completely, your application cannot be sent or processed.<\/p><p>(g) Use of QR codes<br \/>The QR codes we place on the job vacancy pages only contain the URL of the respective page and do not feature any tracking. This means that the data of users who scan the QR code is not or cannot be recorded by us.<\/p><h4>11. Links to other websites<\/h4><p>This website may contain links to third-party websites. We are not responsible for the data protection measures or the content of websites outside our company. For this reason, we recommend that you carefully read the privacy statements of these third-party websites.<\/p><h4>12. Cookies and social plugins<\/h4><p>We completely dispense with the use of non-essential cookies and social plugins.<\/p><h4>13. Use of map services<\/h4><p>We use a map section from OpenStreetMap<a href=\"https:\/\/www.openstreetmap.de\/\" target=\"_blank\" rel=\"noopener\">https:\/\/www.openstreetmap.de<\/a>on our website to show you the route to our company and to make it easier for you to plan your journey. OpenStreetMap is an open source mapping tool provided by the OpenStreetMap Foundation, St John's Innovation Centre, Cowley Road, Cambridge, CB4 0WS, United Kingdom. By using this map function, user data is transmitted to OpenStreetMap and stored there. OpenStreetMap collects information about your interactions with the digital map, your IP address, data about your browser, device type, operating system and on which day and at what time you used the service. Tracking software is also used to record user interactions. The company specifies the analysis tool \u201cPiwik\u201d in its own privacy policy. Further data protection details can be found on OpenStreetMap's data protection page here\u00a0<a href=\"https:\/\/wiki.osmfoundation.org\/wiki\/Privacy_Policy\" target=\"_blank\" rel=\"noopener\">https:\/\/wiki.osmfoundation.org\/wiki\/Privacy_Policy<\/a> and here <a href=\"https:\/\/wiki.openstreetmap.org\/wiki\/DE:Legal_FAQ\" target=\"_blank\" rel=\"noopener\">https:\/\/wiki.openstreetmap.org\/wiki\/DE:Legal_FAQ<\/a><span class=\"only-de\"> einsehen<\/span>.<\/p><p>If you follow the \"Route Planner\" link on the map via markers A or B (location of our offices), you will be redirected to a map view from Google Maps. The Google Maps route planner can only be used if you give your consent to the setting of non-essential cookies in accordance with Art. 6 Para. 1 a GDPR. You can find the Google Maps privacy policy here (<a href=\"https:\/\/policies.google.com\/privacy?hl=de\" target=\"_blank\" rel=\"noopener\">https:\/\/policies.google.com\/privacy?hl=de<\/a>).<\/p><p><span style=\"color: #1569ae; font-size: 1.11em; font-weight: 600; font-family: var( --e-global-typography-text-font-family ), Sans-serif;\">14. You can contact our data protection officer at<\/span><\/p><p style=\"padding-left: 40px;\">Jakob Heilmann<br \/><span style=\"font-family: Roboto, sans-serif; font-size: 18px;\">datenschutz@argetp21.de<\/span><br \/>Phone: +49 351 20789-585<\/p><p>Status: September 2025<\/p>\t\t\t\t\t\t\t\t<\/div>\n\t\t\t\t<\/div>\n\t\t\t\t\t<\/div>\n\t\t<\/div>\n\t\t\t\t\t<\/div>\n\t\t<\/section>\n\t\t\t\t<\/div>","protected":false},"excerpt":{"rendered":"<p>Datenschutz Unsere Datenschutzpraxis steht im Einklang mit den Regelungen der EU-Datenschutzgrundverordnung (DSGVO) und dem Bundesdatenschutzgesetz (BDSG). Die nachfolgenden Hinweise dienen der Erf\u00fcllung der sich aus der DSGVO ergebenden Informationspflichten. 1. Verantwortlich f\u00fcr die Datenverarbeitung T\u00dcV | DEKRA arge tp 21 GmbHWintergartenstra\u00dfe 4, 01307 DresdenGesch\u00e4ftsf\u00fchrer: Dipl.-Ing. Mathias R\u00fcdelTelefon: +49 351 20789-0E-Mail: sekratariat@argetp21.de 2. Bereitstellung der Website&hellip; <br \/> <a class=\"button small blue\" href=\"https:\/\/argetp21.de\/en\/datenschutz\/\">Read more<\/a><\/p>","protected":false},"author":1,"featured_media":0,"parent":0,"menu_order":3,"comment_status":"closed","ping_status":"closed","template":"","meta":{"footnotes":""},"class_list":["post-3","page","type-page","status-publish","hentry"],"yoast_head":"<!-- This site is optimized with the Yoast SEO plugin v27.3 - https:\/\/yoast.com\/product\/yoast-seo-wordpress\/ -->\n<title>Datenschutz - T\u00dcV | DEKRA arge tp 21<\/title>\n<meta name=\"description\" content=\"Webseite der T\u00dcV | DEKRA arge tp 21 GbR - Ingenieurs-Agentur f\u00fcr das Kraftfahrsachverst\u00e4ndigenwesen\" \/>\n<meta name=\"robots\" content=\"index, follow, max-snippet:-1, max-image-preview:large, max-video-preview:-1\" \/>\n<link rel=\"canonical\" href=\"https:\/\/argetp21.de\/en\/datenschutz\/\" \/>\n<meta property=\"og:locale\" content=\"en_GB\" \/>\n<meta property=\"og:type\" content=\"article\" \/>\n<meta property=\"og:title\" content=\"Datenschutz - T\u00dcV | DEKRA arge tp 21\" \/>\n<meta property=\"og:description\" content=\"Webseite der T\u00dcV | DEKRA arge tp 21 GbR - Ingenieurs-Agentur f\u00fcr das Kraftfahrsachverst\u00e4ndigenwesen\" \/>\n<meta property=\"og:url\" content=\"https:\/\/argetp21.de\/en\/datenschutz\/\" \/>\n<meta property=\"og:site_name\" content=\"T\u00dcV | DEKRA arge tp 21\" \/>\n<meta property=\"article:modified_time\" content=\"2025-09-01T12:55:23+00:00\" \/>\n<meta name=\"twitter:card\" content=\"summary_large_image\" \/>\n<meta name=\"twitter:label1\" content=\"Estimated reading time\" \/>\n\t<meta name=\"twitter:data1\" content=\"10 minutes\" \/>\n<script type=\"application\/ld+json\" class=\"yoast-schema-graph\">{\"@context\":\"https:\\\/\\\/schema.org\",\"@graph\":[{\"@type\":\"WebPage\",\"@id\":\"https:\\\/\\\/argetp21.de\\\/datenschutz\\\/\",\"url\":\"https:\\\/\\\/argetp21.de\\\/datenschutz\\\/\",\"name\":\"Datenschutz - T\u00dcV | DEKRA arge tp 21\",\"isPartOf\":{\"@id\":\"https:\\\/\\\/argetp21.de\\\/#website\"},\"datePublished\":\"2020-04-21T17:12:47+00:00\",\"dateModified\":\"2025-09-01T12:55:23+00:00\",\"description\":\"Webseite der T\u00dcV | DEKRA arge tp 21 GbR - Ingenieurs-Agentur f\u00fcr das Kraftfahrsachverst\u00e4ndigenwesen\",\"breadcrumb\":{\"@id\":\"https:\\\/\\\/argetp21.de\\\/datenschutz\\\/#breadcrumb\"},\"inLanguage\":\"en-GB\",\"potentialAction\":[{\"@type\":\"ReadAction\",\"target\":[\"https:\\\/\\\/argetp21.de\\\/datenschutz\\\/\"]}]},{\"@type\":\"BreadcrumbList\",\"@id\":\"https:\\\/\\\/argetp21.de\\\/datenschutz\\\/#breadcrumb\",\"itemListElement\":[{\"@type\":\"ListItem\",\"position\":1,\"name\":\"Startseite\",\"item\":\"https:\\\/\\\/argetp21.de\\\/\"},{\"@type\":\"ListItem\",\"position\":2,\"name\":\"Datenschutz\"}]},{\"@type\":\"WebSite\",\"@id\":\"https:\\\/\\\/argetp21.de\\\/#website\",\"url\":\"https:\\\/\\\/argetp21.de\\\/\",\"name\":\"T\u00dcV | DEKRA arge tp 21\",\"description\":\"\",\"publisher\":{\"@id\":\"https:\\\/\\\/argetp21.de\\\/#organization\"},\"potentialAction\":[{\"@type\":\"SearchAction\",\"target\":{\"@type\":\"EntryPoint\",\"urlTemplate\":\"https:\\\/\\\/argetp21.de\\\/?s={search_term_string}\"},\"query-input\":{\"@type\":\"PropertyValueSpecification\",\"valueRequired\":true,\"valueName\":\"search_term_string\"}}],\"inLanguage\":\"en-GB\"},{\"@type\":\"Organization\",\"@id\":\"https:\\\/\\\/argetp21.de\\\/#organization\",\"name\":\"T\u00dcV | DEKRA arge tp 21\",\"url\":\"https:\\\/\\\/argetp21.de\\\/\",\"logo\":{\"@type\":\"ImageObject\",\"inLanguage\":\"en-GB\",\"@id\":\"https:\\\/\\\/argetp21.de\\\/#\\\/schema\\\/logo\\\/image\\\/\",\"url\":\"https:\\\/\\\/argetp21.de\\\/wp-content\\\/uploads\\\/2020\\\/05\\\/logo.png\",\"contentUrl\":\"https:\\\/\\\/argetp21.de\\\/wp-content\\\/uploads\\\/2020\\\/05\\\/logo.png\",\"width\":150,\"height\":150,\"caption\":\"T\u00dcV | DEKRA arge tp 21\"},\"image\":{\"@id\":\"https:\\\/\\\/argetp21.de\\\/#\\\/schema\\\/logo\\\/image\\\/\"}}]}<\/script>\n<!-- \/ Yoast SEO plugin. -->","yoast_head_json":{"title":"Datenschutz - T\u00dcV | DEKRA arge tp 21","description":"Webseite der T\u00dcV | DEKRA arge tp 21 GbR - Ingenieurs-Agentur f\u00fcr das Kraftfahrsachverst\u00e4ndigenwesen","robots":{"index":"index","follow":"follow","max-snippet":"max-snippet:-1","max-image-preview":"max-image-preview:large","max-video-preview":"max-video-preview:-1"},"canonical":"https:\/\/argetp21.de\/en\/datenschutz\/","og_locale":"en_GB","og_type":"article","og_title":"Datenschutz - T\u00dcV | DEKRA arge tp 21","og_description":"Webseite der T\u00dcV | DEKRA arge tp 21 GbR - Ingenieurs-Agentur f\u00fcr das Kraftfahrsachverst\u00e4ndigenwesen","og_url":"https:\/\/argetp21.de\/en\/datenschutz\/","og_site_name":"T\u00dcV | DEKRA arge tp 21","article_modified_time":"2025-09-01T12:55:23+00:00","twitter_card":"summary_large_image","twitter_misc":{"Estimated reading time":"10 minutes"},"schema":{"@context":"https:\/\/schema.org","@graph":[{"@type":"WebPage","@id":"https:\/\/argetp21.de\/datenschutz\/","url":"https:\/\/argetp21.de\/datenschutz\/","name":"Datenschutz - T\u00dcV | DEKRA arge tp 21","isPartOf":{"@id":"https:\/\/argetp21.de\/#website"},"datePublished":"2020-04-21T17:12:47+00:00","dateModified":"2025-09-01T12:55:23+00:00","description":"Webseite der T\u00dcV | DEKRA arge tp 21 GbR - Ingenieurs-Agentur f\u00fcr das Kraftfahrsachverst\u00e4ndigenwesen","breadcrumb":{"@id":"https:\/\/argetp21.de\/datenschutz\/#breadcrumb"},"inLanguage":"en-GB","potentialAction":[{"@type":"ReadAction","target":["https:\/\/argetp21.de\/datenschutz\/"]}]},{"@type":"BreadcrumbList","@id":"https:\/\/argetp21.de\/datenschutz\/#breadcrumb","itemListElement":[{"@type":"ListItem","position":1,"name":"Startseite","item":"https:\/\/argetp21.de\/"},{"@type":"ListItem","position":2,"name":"Datenschutz"}]},{"@type":"WebSite","@id":"https:\/\/argetp21.de\/#website","url":"https:\/\/argetp21.de\/","name":"T\u00dcV | DEKRA arge tp 21","description":"","publisher":{"@id":"https:\/\/argetp21.de\/#organization"},"potentialAction":[{"@type":"SearchAction","target":{"@type":"EntryPoint","urlTemplate":"https:\/\/argetp21.de\/?s={search_term_string}"},"query-input":{"@type":"PropertyValueSpecification","valueRequired":true,"valueName":"search_term_string"}}],"inLanguage":"en-GB"},{"@type":"Organization","@id":"https:\/\/argetp21.de\/#organization","name":"T\u00dcV | DEKRA arge tp 21","url":"https:\/\/argetp21.de\/","logo":{"@type":"ImageObject","inLanguage":"en-GB","@id":"https:\/\/argetp21.de\/#\/schema\/logo\/image\/","url":"https:\/\/argetp21.de\/wp-content\/uploads\/2020\/05\/logo.png","contentUrl":"https:\/\/argetp21.de\/wp-content\/uploads\/2020\/05\/logo.png","width":150,"height":150,"caption":"T\u00dcV | DEKRA arge tp 21"},"image":{"@id":"https:\/\/argetp21.de\/#\/schema\/logo\/image\/"}}]}},"publishpress_future_action":{"enabled":false,"date":"2026-05-09 01:32:06","action":"change-status","newStatus":"draft","terms":[],"taxonomy":"","extraData":[]},"publishpress_future_workflow_manual_trigger":{"enabledWorkflows":[]},"_links":{"self":[{"href":"https:\/\/argetp21.de\/en\/wp-json\/wp\/v2\/pages\/3","targetHints":{"allow":["GET"]}}],"collection":[{"href":"https:\/\/argetp21.de\/en\/wp-json\/wp\/v2\/pages"}],"about":[{"href":"https:\/\/argetp21.de\/en\/wp-json\/wp\/v2\/types\/page"}],"author":[{"embeddable":true,"href":"https:\/\/argetp21.de\/en\/wp-json\/wp\/v2\/users\/1"}],"replies":[{"embeddable":true,"href":"https:\/\/argetp21.de\/en\/wp-json\/wp\/v2\/comments?post=3"}],"version-history":[{"count":10,"href":"https:\/\/argetp21.de\/en\/wp-json\/wp\/v2\/pages\/3\/revisions"}],"predecessor-version":[{"id":4329,"href":"https:\/\/argetp21.de\/en\/wp-json\/wp\/v2\/pages\/3\/revisions\/4329"}],"wp:attachment":[{"href":"https:\/\/argetp21.de\/en\/wp-json\/wp\/v2\/media?parent=3"}],"curies":[{"name":"wp","href":"https:\/\/api.w.org\/{rel}","templated":true}]}}